{"version":"1.0","provider_name":"Galerie Institut","provider_url":"https:\/\/galerie-institut.com\/en\/","title":"Mir\u00f3, Joan, L'Antit\u00eate, III Le D\u00e9sesp\u00e9ranto, 1949 - Galerie Institut","type":"rich","width":600,"height":338,"html":"<blockquote class=\"wp-embedded-content\" data-secret=\"x6vzWLOcSh\"><a href=\"https:\/\/galerie-institut.com\/en\/produit\/miro-joan-lantitete-1949\/\">Mir\u00f3, Joan, L&#8217;Antit\u00eate, III Le D\u00e9sesp\u00e9ranto, 1949<\/a><\/blockquote><iframe sandbox=\"allow-scripts\" security=\"restricted\" src=\"https:\/\/galerie-institut.com\/en\/produit\/miro-joan-lantitete-1949\/embed\/#?secret=x6vzWLOcSh\" width=\"600\" height=\"338\" title=\"&#8220;Mir\u00f3, Joan, L&#8217;Antit\u00eate, III Le D\u00e9sesp\u00e9ranto, 1949&#8221; &#8212; Galerie Institut\" data-secret=\"x6vzWLOcSh\" frameborder=\"0\" marginwidth=\"0\" marginheight=\"0\" scrolling=\"no\" class=\"wp-embedded-content\"><\/iframe><script type=\"text\/javascript\">\n\/* <![CDATA[ *\/\n\/*! This file is auto-generated *\/\n!function(d,l){\"use strict\";l.querySelector&&d.addEventListener&&\"undefined\"!=typeof URL&&(d.wp=d.wp||{},d.wp.receiveEmbedMessage||(d.wp.receiveEmbedMessage=function(e){var t=e.data;if((t||t.secret||t.message||t.value)&&!\/[^a-zA-Z0-9]\/.test(t.secret)){for(var s,r,n,a=l.querySelectorAll('iframe[data-secret=\"'+t.secret+'\"]'),o=l.querySelectorAll('blockquote[data-secret=\"'+t.secret+'\"]'),c=new RegExp(\"^https?:$\",\"i\"),i=0;i<o.length;i++)o[i].style.display=\"none\";for(i=0;i<a.length;i++)s=a[i],e.source===s.contentWindow&&(s.removeAttribute(\"style\"),\"height\"===t.message?(1e3<(r=parseInt(t.value,10))?r=1e3:~~r<200&&(r=200),s.height=r):\"link\"===t.message&&(r=new URL(s.getAttribute(\"src\")),n=new URL(t.value),c.test(n.protocol))&&n.host===r.host&&l.activeElement===s&&(d.top.location.href=t.value))}},d.addEventListener(\"message\",d.wp.receiveEmbedMessage,!1),l.addEventListener(\"DOMContentLoaded\",function(){for(var e,t,s=l.querySelectorAll(\"iframe.wp-embedded-content\"),r=0;r<s.length;r++)(t=(e=s[r]).getAttribute(\"data-secret\"))||(t=Math.random().toString(36).substring(2,12),e.src+=\"#?secret=\"+t,e.setAttribute(\"data-secret\",t)),e.contentWindow.postMessage({message:\"ready\",secret:t},\"*\")},!1)))}(window,document);\n\/\/# sourceURL=https:\/\/galerie-institut.com\/wp-includes\/js\/wp-embed.min.js\n\/* ]]> *\/\n<\/script>\n","thumbnail_url":"https:\/\/galerie-institut.com\/wp-content\/uploads\/2021\/10\/miro-joan-1947-l_antitete-9.jpg","thumbnail_width":1000,"thumbnail_height":1000,"description":"D\u00e9couvrez l'oeuvre Mir\u00f3, Joan, L'Antit\u00eate, III Le D\u00e9sesp\u00e9ranto, 1949 disponible \u00e0 la Galerie de l'Institut. Si vous \u00eates int\u00e9ress\u00e9.e.s par Mir\u00f3, Joan, L'Antit\u00eate, III Le D\u00e9sesp\u00e9ranto, 1949 merci de nous contacter \u00e0 contact@galerie-institut.com"}